{"id":25,"date":"2020-10-04T13:05:55","date_gmt":"2020-10-04T13:05:55","guid":{"rendered":"http:\/\/cdu-wathlingen.de\/?page_id=25"},"modified":"2021-08-26T12:48:57","modified_gmt":"2021-08-26T12:48:57","slug":"wir-wollen","status":"publish","type":"page","link":"http:\/\/cdu-wathlingen.de\/?page_id=25","title":{"rendered":"Das packen wir an"},"content":{"rendered":"\n<p class=\"has-large-font-size\"><strong>Die CDU Wathlingen<\/strong>&#8230;<\/p>\n\n\n\n<ul class=\"wp-block-list\"><li>ist modern und steht zur Heimat und ihren Traditionen<\/li><li>f\u00f6rdert die Eigenverantwortung und den Gemeinsinn<\/li><li>steht an der Seite unserer Leistungstr\u00e4ger aus Wirtschaft, Handel, Handwerk und Landwirtschaft, ohne die, die unsere Hilfe brauchen, zu vergessen<\/li><li>verbindet Sicherheit und Ordnung mit Toleranz<\/li><li>schaut immer aus vier Perspektiven auf ein Thema: aus der sozialen, der \u00f6kologischen, kulturellen und der \u00f6konomischen Sicht<\/li><\/ul>\n\n\n\n<p class=\"has-medium-font-size\"><strong>Kinder und Jugendlichen ihren Platz geben<\/strong><\/p>\n\n\n\n<ul class=\"wp-block-list\"><li>baut die dritte kommunale Kindertagesst\u00e4tte mit zwei weiteren Gruppen aus<\/li><li>will jeder Kindertagesst\u00e4tte einen Schwerpunkt (Bewegung, Musik, Umwelt) geben<\/li><li>f\u00fchrt flexible Betreuungszeiten ein, die den Eltern so weit wie m\u00f6glich entgegenkommen<\/li><li>schafft f\u00fcr die Jugendlichen ein 4 G Jugendhaus und gestaltet gemeinsam mit ihnen einen Jugend-Platz<\/li><li>etabliert regelm\u00e4\u00dfige Mitternachtssportveranstaltungen f\u00fcr Jugendliche an Wochenenden<\/li><li>verbessert die Bewegungs-, Freizeit- und Unterst\u00fctzungsangebote f\u00fcr Jugendliche<\/li><li>baut die Spielpl\u00e4tze zu Spiel- und Lernwelten um<\/li><li>versucht Jugendliche zu motivieren, ihre Interessen einzubringen, und wird den Ausschuss Jugend-, Generationen und Vereine um drei ratsfremde Jugendliche erweitern<\/li><li>richtet eine \u00f6ffentliche Outdoor-Sportanlage (Calisthenicspark) in der Bahntrasse ein<\/li><li>sieht in der Unterst\u00fctzung von beaufsichtigten Graffiti-Projekten eine Alternative, damit wilde Schmierereien weniger werden<\/li><\/ul>\n\n\n\n<p class=\"has-medium-font-size\"><strong>Grundschulen als Start ins Leben<\/strong><\/p>\n\n\n\n<ul class=\"wp-block-list\"><li>f\u00fchrt die Sanierung und wo erforderlich die Erweiterung unserer Grundschulen fort und setzt sich f\u00fcr die \u00d6ffnung der Mensen f\u00fcr die Seniorinnen und Senioren f\u00fcr ein Miteinander der Generationen ein<\/li><li>treibt die Digitalisierung der Grundschulen konsequent voran<\/li><li>f\u00f6rdert zur Entspannung der Verkehrssituation an Grundschulen das Projekt \u201cBus auf F\u00fc\u00dfen\u201d (Kinder kommen zu Fu\u00df zur Schule)<\/li><li>unterst\u00fctzt den Fu\u00dfg\u00e4nger- und Fahrradf\u00fchrerschein an Grundschulen<\/li><li>wird auf Schulwegen an Stra\u00dfen\u00fcberquerungen kleine Fu\u00df-Piktogramme aufbringen bzw. auffrischen<\/li><li>richtet in Wathlingen einen Verkehrs\u00fcbungsplatz zur gemeinsamen Nutzung von Kindergarten und Schule ein<\/li><\/ul>\n\n\n\n<p class=\"has-medium-font-size\"><strong>Schulische und au\u00dferschulische Aktivit\u00e4ten<\/strong><\/p>\n\n\n\n<ul class=\"wp-block-list\"><li>begleitet und unterst\u00fctzt den Ganztagsbetrieb der OBS Wathlingen, um das hohe Niveau sicherzustellen<\/li><li>wird Projekte an der Oberschule unterst\u00fctzen, f\u00f6rdern und bei deren Ausbau behilflich sein<\/li><li>gew\u00e4hrleistet die Betreuungsm\u00f6glichkeiten in den Nachmittagsstunden und wird dazu beitragen, ein attraktives Angebot&nbsp;aufrechtzuerhalten<\/li><li>tr\u00e4gt dazu bei, ein gut funktionierendes Netzwerk von au\u00dferschulischen Lernorten, Vereinen, Kinderg\u00e4rten sowie Grund- und der Oberschule (Wathlinger Lernweg) zu schaffen<\/li><li>f\u00fchrt regelm\u00e4\u00dfig das Politikplanspiel \u201eKommunalpolitik\u201c an der Oberschule durch, um&nbsp;zur Vertiefung der Einblicke in die Abl\u00e4ufe von Politik und Verwaltung vor Ort beizutragen<\/li><li>wird auch in der kommenden Ratsperiode interessierten Sch\u00fclerinnen und Sch\u00fclern&nbsp;einen Einblick in den Politikablauf geben<\/li><li>schafft Strukturen zur Vermittlung von Medienkompetenz \u2013 hier gilt es, Vereine, die Jugendpflege und die VHS mit einzubeziehen<\/li><li>installiert&nbsp;Trinkwasserspender an unseren Schulen<\/li><li>unterst\u00fctzt die Einbindung au\u00dferschulischer Anbieter (bspw. Vereine und Verb\u00e4nde) in den Ganztagsschulbetrieb<\/li><li>will den 4G Park in der kommenden Wahlperiode zu einem Bildungshaus erweitern, in dem die B\u00fccherei, die Volkshochschule und das KESS unter Federf\u00fchrung der Vernetzungsagentur ein gemeinsames Bildungskonzept erarbeiten. Die runde Stunde soll wieder eingef\u00fchrt werden<\/li><\/ul>\n\n\n\n<p class=\"has-medium-font-size\"><strong>Kinderbetreuung in Wathlingen ist kein Problem<\/strong><\/p>\n\n\n\n<ul class=\"wp-block-list\"><li>setzt sich f\u00fcr wohnortnahe, bedarfsgerechte Betreuungspl\u00e4tze f\u00fcr alle Altersgruppen ein<\/li><li>steht f\u00fcr flexible, bedarfsgerechte \u00d6ffnungszeiten in den Wathlinger Betreuungseinrichtungen, wie Kinderkrippe, Kindergarten und Hort<\/li><li>strebt den bedarfsgerechten Erhalt und die Fortentwicklung &#8211; auch in den Ferienzeiten &#8211; der Hortangebote in Abstimmung mit der Elternschaft an<\/li><\/ul>\n\n\n\n<p class=\"has-medium-font-size\"><strong>Hohe Qualit\u00e4tsstandards<\/strong><\/p>\n\n\n\n<ul class=\"wp-block-list\"><li>f\u00fchrt regelm\u00e4\u00dfige \u00dcberpr\u00fcfungen und Weiterentwicklungen der Qualit\u00e4tsstandards in den drei kommunalen Betreuungseinrichtungen und regelm\u00e4\u00dfige Elternbefragungen als wichtiges Instrument der Qualit\u00e4tssicherung ein<\/li><li>w\u00fcnscht sich gesundes Essen f\u00fcr Kinder in Kindergarten und Schule und beabsichtigt, dieses ggfs. zu bezuschussen<\/li><li>setzt sich f\u00fcr die Beschaffung bedarfsgerechter IT-Ausstattung f\u00fcr Betreuerinnen und Betreuer in Betreuungseinrichtungen ein, jede Gruppe erh\u00e4lt einen Laptop f\u00fcr die t\u00e4gliche Arbeit<\/li><li>stellt Fortbildungen f\u00fcr Betreuerinnen und Betreuer auf h\u00f6chstem Niveau sicher<\/li><li>schafft einen Gemeindekindergartenbeirat f\u00fcr alle Kindertagesst\u00e4tten, um eine m\u00f6glicherweise entstehende Konkurrenzsituation aufzul\u00f6sen<\/li><li>wird die Betreuung, Beratung und Schulung von Fachpersonal in Kindertagesst\u00e4tten auf dem Weg zur \u201eBewegungsKita\u201c in Kooperation mit dem Nieders\u00e4chsischen Turnerbund (NTB) Kooperation \u201eKita und Sportverein\u201c unterst\u00fctzen<\/li><\/ul>\n\n\n\n<p class=\"has-medium-font-size\"><strong>Zusammenspiel der Einrichtungen<\/strong><\/p>\n\n\n\n<ul class=\"wp-block-list\"><li>wird das Zusammenspiel der Grundschulen und Kinderg\u00e4rten weiter st\u00e4rken, um zuk\u00fcnftigen Schulanf\u00e4ngern den \u00dcbergang noch leichter zu machen und eine bestm\u00f6gliche Basis f\u00fcr die Schule zu schaffen<\/li><li>versucht die Kooperation zwischen Sportvereinen und Kinderg\u00e4rten sowie Grundschulen ausbauen, um noch mehr Kinder fr\u00fchzeitig an den Sport heranzuf\u00fchren<\/li><li>verbessert das Zusammenspiel der Generationen und das Verst\u00e4ndnis f\u00fcreinander durch die F\u00f6rderung der Zusammenarbeit zwischen Betreuungseinrichtungen und Senioren<\/li><\/ul>\n\n\n\n<p class=\"has-medium-font-size\"><strong>Anreize schaffen, vier Generationen zu leben<\/strong><\/p>\n\n\n\n<ul class=\"wp-block-list\"><li>f\u00fchrt einen Wathlinger Familienpass, durch den Familien und Alleinerziehende in Wathlingen Verg\u00fcnstigungen erhalten, ein. Wir wollen Gewerbetreibende, Gastronomen, Einzelh\u00e4ndler, Samtgemeinde etc. ebenfalls gewinnen, sich an dem Familienpass zu beteiligen<\/li><li>setzt sich f\u00fcr die Einf\u00fchrung eines \u201eLeih-Oma\/-Opa\u201c Programms mit dem SoVD ein: Eine Leih-Oma\/ein Leih-Opa ist eine ehrenamtliche Unterst\u00fctzung der Familie, die all jene Aufgaben \u00fcbernimmt, die leibliche Gro\u00dfeltern auch \u00fcbernehmen. Je nach Vereinbarung mit der Leihfamilie k\u00f6nnen dies v\u00f6llig unterschiedliche T\u00e4tigkeitsbereiche sein<\/li><\/ul>\n\n\n\n<p class=\"has-medium-font-size\"><strong>Senioren nicht nur betreuen, sondern fordern<\/strong><\/p>\n\n\n\n<ul class=\"wp-block-list\"><li>ermutigt \u00e4ltere Menschen in Wathlingen, sich einzubringen und richtet einen Seniorenbeirat ein<\/li><li>schafft Orte der Begegnungen, Bildung und Bewegung und Pl\u00e4tze, die zum Verweilen einladen<\/li><li>setzt das Projekt \u201eAltersgerechter Wohnraum\u201c in der kommenden Wahlperiode um<\/li><li>f\u00f6rdert Projekte wie \u201eAlten-WG\u201c und \u201eLeben mit Studentinnen und Studenten\u201c<\/li><li>wird die M\u00f6glichkeit mobiler Einkaufsdienste f\u00fcr \u00e4ltere Menschen in Wathlingen weiter ausbauen<\/li><li>nimmt den Abbau von Barrieren ernst. So sollen zum Beispiel alle Bushaltestellen umger\u00fcstet und die Gehwege stolperfrei gestaltet werden<\/li><li>setzt sich daf\u00fcr ein, dass z.B. Busfahrpl\u00e4ne und Informationen f\u00fcr \u00e4ltere Menschen in ausreichend gro\u00dfer Schrift gestaltet werden<\/li><li>regen einen 4-Generationendialog an und werden diesen entsprechend f\u00f6rdern<\/li><\/ul>\n\n\n\n<p class=\"has-medium-font-size\"><strong>Verwaltung anders denken<\/strong><\/p>\n\n\n\n<ul class=\"wp-block-list\"><li>setzt sich daf\u00fcr ein, dass bis 2035 alle kommunalen Liegenschaften klimaneutral sind<\/li><li>wird den \u201eWathlinger Weg\u201c unterst\u00fctzen<\/li><li>sieht eine Solarpflicht auf allen kommunalen Liegenschaften, sofern technisch m\u00f6glich, als Ziel<\/li><li>wird in der Gemeinde Wathlingen konsequent die Geb\u00e4ude modernisieren und verzichtet zuk\u00fcnftig, soweit technisch m\u00f6glich, auf fossile Brennstoffe<\/li><li>elektrisiert kommunale Fahrzeuge (Batterie oder Brennstoffzelle), sofern die Anforderungen an das Fahrzeug dieses zulassen<\/li><li>wird das \u201eJobrad\u201c f\u00fcr Mitarbeiterinnen und Mitarbeiter von Unternehmen in der Gemeinde und der Verwaltung einf\u00fchren<\/li><li>setzt sich daf\u00fcr ein, dass Samtgemeinde verst\u00e4rkt an einem Klimafolgenanpassungs-Konzept arbeitet und wird bspw. ein integriertes Wassermanagementprogramm pr\u00fcfen<\/li><\/ul>\n\n\n\n<p class=\"has-medium-font-size\"><strong>Bauen f\u00fcr uns aber nachhaltig<\/strong><\/p>\n\n\n\n<ul class=\"wp-block-list\"><li>achtet darauf, dass k\u00fcnftige Wohnsiedlungen und kommunale Geb\u00e4ude in einem hohen energetischen Standard erbaut werden. Insgesamt ist auf ressourcenschonendes Bauen zu achten und Konzepte f\u00fcr ressourcenschonenden Umgang wie bspw. zentrale Wasser- und Stromspeicher sind umzusetzen<\/li><li>setzt sich f\u00fcr eine kommunale W\u00e4rmeplanung wie bspw. kleine Nahw\u00e4rmenetze in Neubaugebieten ein<\/li><li>wird kommunale Liegenschaften weiterhin konsequent energetisch sanieren<\/li><li>unterst\u00fctzt die Nachverdichtung bei vorhandenen Baul\u00fccken, solange dadurch der Charakter der Gemeinde nicht ver\u00e4ndert wird<\/li><li>verst\u00e4rkt den Ausbau von Solarenergie auf D\u00e4chern und anderen Fl\u00e4chen<\/li><li>wird ihr Augenmerk darauf legen, dass in den n\u00e4chsten f\u00fcnf Jahren 1.000 B\u00e4ume in Wathlingen gepflanzt werden<\/li><li>und achtet darauf, dass kein Tropenholz in kommunalen Bauten Verwendung findet<\/li><\/ul>\n\n\n\n<p class=\"has-medium-font-size\"><strong>Vertiefung eines Klima- und Umweltbewusstseins<\/strong><\/p>\n\n\n\n<ul class=\"wp-block-list\"><li>initiiert Wathlinger Klimawochen in allen \u00f6ffentlichen Einrichtungen<\/li><li>schafft Anreize zur Energieeinsparung f\u00fcr die Nutzer \u00f6ffentlicher Geb\u00e4ude<\/li><li>setzt sich f\u00fcr die Errichtung des Schulwaldes und die Errichtung eines Waldlehrpfades am 4G Park ein<\/li><li>kreiert einen Obstbaumlehrpfad am 4G Park<\/li><\/ul>\n\n\n\n<p class=\"has-medium-font-size\"><strong>Fahrradverkehr als Alternative<\/strong><\/p>\n\n\n\n<ul class=\"wp-block-list\"><li>plant Velorouten in Wathlingen und somit auch eine schnelle Radwegeverbindungen nach Celle, Ehlershausen und H\u00e4nigsen<\/li><li>erh\u00e4lt und verbessert Radwege unter Einbeziehung des ADFC<\/li><li>setzt sich bei Bedarf f\u00fcr \u201e<strong>sichere Kreuzungen<\/strong>\u201c nach dem niederl\u00e4ndischen Modell ein<\/li><li>bef\u00fcrwortet die Ausweisung von weiteren Fahrradstra\u00dfen. Einzelne, hochfrequentierte Radwege sollen einen eigenen Stra\u00dfenk\u00f6rper erhalten und\/oder werden zu zweispurigen Radwegen ausgebaut<\/li><li>steht f\u00fcr den Bau des Fahrradweges nach H\u00e4nigsen<\/li><\/ul>\n\n\n\n<p class=\"has-medium-font-size\"><strong>\u00d6ffentlicher Nahverkehr<\/strong><\/p>\n\n\n\n<ul class=\"wp-block-list\"><li>will die Haltestellen so umbauen, dass sie barrierefrei sind und dem Sicherheitsbed\u00fcrfnis der Menschen entsprechen.&nbsp; Dort, wo es sinnvoll ist, wird sie sich f\u00fcr eine Video\u00fcberwachung vor Ort einsetzen<\/li><li>m\u00f6chte die bestehenden Buslinien f\u00fcr Wathlinger B\u00fcrgerinnen und B\u00fcrger interessanter machen, etwa durch ein 1-\u20ac-Ticket<\/li><li>setzt sich f\u00fcr einen starken \u00d6PNV ein und fordern eine Schaffung \u201eon-demand-Busverkehr\u201c (<strong>Sprinti<\/strong>) wie im GVH<\/li><li>will die Kolonie und H\u00e4nigsen durch ein autonom fahrendes Busangebot erschlie\u00dfen<\/li><li>\u00fcberpr\u00fcft die Lage der Bushaltestellen in der Gemeinde Wathlingen<\/li><\/ul>\n\n\n\n<p class=\"has-medium-font-size\"><strong>Verkehr anders denken<\/strong><\/p>\n\n\n\n<ul class=\"wp-block-list\"><li>setzt sich daf\u00fcr ein, dass auf allen inner\u00f6rtlichen Stra\u00dfen Tempo<strong> 30<\/strong> gelten, wird<\/li><li>bef\u00fcrwortet in reinen Wohnstra\u00dfen die Ausweisung von Spielstra\u00dfen oder Tempobeschr\u00e4nkungen auf 10 km\/h, wenn es hierzu vor Ort einen mehrheitlichen Wunsch gibt<\/li><li>fordert auf der K 58 einen \u00f6rtlichen stationierten Blitzer und eine Erneuerung der Fahrbandecke mit Fl\u00fcsterasphalt<\/li><li>setzt sich f\u00fcr die Einrichtung von Querungshilfen und Zebrastreifen an geeigneten Stellen an der L 311 und K 58 ein<\/li><li>ordnet durch eine Hol- und Bringzone an Grundschule die Verkehrsstr\u00f6me<\/li><li>setzt sich f\u00fcr vermehrte Kontrollen durch Geschwindigkeitsmesstafeln vor den beiden Schulen, Kinderg\u00e4rten und Altenpflegeeinrichtungen ein<\/li><li>regt an, Ampeln nachts, sofern m\u00f6glich, abzuschalten<\/li><li>wird L\u00f6sungen suchen, die verkehrliche Situation rund um die Grundschule zu entsch\u00e4rfen<\/li><li>unterst\u00fctzt die Anschaffung eines zus\u00e4tzlichen Geschwindigkeitsanzeigeger\u00e4tes mit pr\u00e4ventiver Wirkung<\/li><li>achtet darauf, Wohngebiete auch mit ausreichend Parkpl\u00e4tzen auszustatten. Wohnungsnahe, angemessene Parkplatzversorgung ist f\u00fcr sie von Bedeutung<\/li><li>wird eine \u00dcberpr\u00fcfung der Beschilderung in Wathlingen k\u00fcnftig alle drei Jahre mit dem Ziel, \u00fcberfl\u00fcssige Hinweis- und Verkehrsschilder zu beseitigen und sinnvolle Erg\u00e4nzungen vorzunehmen, veranlassen<\/li><li>pr\u00fcft ein autonom-fahrendes Busangebot f\u00fcr die Verbindung nach H\u00e4nigsen oder Ehlershausen mit Anschluss an den Gro\u00dfraum sowie eine Einbindung in das GVH Projekt SPRINTI (der Bus \u201eon demand\u201c)<\/li><li>setzt sich daf\u00fcr ein, dass alle Busse den Busbahnhof am 4G Park als zentrale Haltestation anfahren<\/li><li>will an 10 Laternen in der Gemeinde das Laden von Elektroautos als Pilotprojekt erm\u00f6glichen<\/li><li>wird Gewerbetreibende und den Handel ermutigen, die Ladeinfrastruktur zu verbessern<\/li><li>setzt in Neubaugebieten innovative Verkehrskonzepte um<\/li><li>setzt sich f\u00fcr eine Aufwertung des Bahntrasse in Zusammenarbeit mit der Bev\u00f6lkerung ein. Sie kann sich vorstellen, die Bahntrasse zu einem attraktivem Bewegungs- und Begegnungspark mit zus\u00e4tzlichen Sportger\u00e4ten f\u00fcr Jung und Alt weiterzuentwickeln (z.B. ein Brunnen zum Verweilen, Tischtennisplatten, Beach-Volleyballfeld, Trainingsger\u00e4te etc.)<\/li><li>wird die Friedh\u00f6fe erhalten, bedarfsgerechte Angebote gew\u00e4hrleisten und f\u00fcr Hinterbliebene einen gepflegten park\u00e4hnlichen Rahmen f\u00fcr das Gedenken sicherstellen. Sie wird pr\u00fcfen, ob in der Gemarkung Wathlingen ein Friedwald denkbar ist<\/li><li>regt einen Ausschuss Finanzen, Wirtschaft, Digitalisierung an, der&nbsp;sich zentral mit den Fragen der Digitalisierung besch\u00e4ftigt<\/li><\/ul>\n\n\n\n<p class=\"has-medium-font-size\"><strong>Digitale Bildung<\/strong><\/p>\n\n\n\n<ul class=\"wp-block-list\"><li>setzt sich f\u00fcr eine moderne Infrastruktur, ein gut ausgeleuchtetes WLAN-Netz und funktionierende Datenschutzkonzepte unseren Grundschulen ein<\/li><li>wird sich ebenso f\u00fcr die Digitalisierung der Wathlinger Kindertagesst\u00e4tten einsetzen<\/li><li>schafft die Voraussetzungen daf\u00fcr, dass die Sch\u00fclerinnen und Sch\u00fcler sowie die Lehrerinnen und Lehrer \u00fcber eine gute Ausstattung mit Hard- und Software f\u00fcr den digitalen Unterricht verf\u00fcgen<\/li><li>fordert auf der Samtgemeindeebene einen Medienentwicklungsplan als Grundlage der Rahmenbedingungen f\u00fcr einen zeitgem\u00e4\u00dfen Unterricht \u2013 dieser muss laufend fortgeschrieben werden<\/li><li>unterst\u00fctzt die Entwicklung von Medienkompetenz in allen Altersklassen in Kooperation mit der VHS Wathlingen sowie Vereinen, Verb\u00e4nden und Stiftungen, um einen kritischen, selbstbestimmten Umgang mit einer neuen Medienkultur zu erlernen<\/li><\/ul>\n\n\n\n<p class=\"has-medium-font-size\"><strong>Digitale Verwaltung<\/strong><\/p>\n\n\n\n<ul class=\"wp-block-list\"><li>sieht die Digitalisierung der Verwaltung nicht nur als gesetzliche Vorgabe, sondern auch als notwendige Modernisierung<\/li><li>gew\u00e4hrleistet B\u00fcrgern und Unternehmen einen barrierefreien, einfachen Zugang zu B\u00fcrger- und Gewerbeservices<\/li><li>setzt sich f\u00fcr die Ausbildung von \u201eDigitalen Lotsen\u201c in der Samtgemeindeverwaltung ein<\/li><li>erarbeitet eine \u00fcbergreifende Digitalisierungsstrategie f\u00fcr alle kommunalen Bereiche, mit Orientierung an den Bedarfen<\/li><\/ul>\n\n\n\n<p class=\"has-medium-font-size\"><strong>Digitale Teilhabe<\/strong><\/p>\n\n\n\n<ul class=\"wp-block-list\"><li>schafft digitalen Diskussionsforen zu kommunalen Themen<\/li><li>fragt Stimmungsbilder ab, um eine verst\u00e4rkte Transparenz in der Bev\u00f6lkerung zu erreichen<\/li><li>setzt sich daf\u00fcr ein, dass die Digitalisierung nicht nur etwas f\u00fcr technikaffine Menschen ist, sondern der ganzen Bev\u00f6lkerung die Vorteile angeboten werden. Hierzu wird es im 4 G zwei Digitalteilhabepl\u00e4tze geben<\/li><\/ul>\n\n\n\n<p class=\"has-medium-font-size\"><strong>Wirtschaft st\u00e4rken und entwickeln<\/strong><\/p>\n\n\n\n<ul class=\"wp-block-list\"><li>st\u00e4rkt die \u00f6rtliche Wirtschaft durch besondere Ber\u00fccksichtigung hier ans\u00e4ssiger Betriebe im Rahmen der rechtlichen M\u00f6glichkeiten bei der Vergabe \u00f6ffentlicher Auftr\u00e4ge<\/li><li>sieht die Verwaltung als Partner der Wirtschaft und sucht gemeinsam mit dem Unternehmen nach L\u00f6sungen bei Fragen an die Verwaltung oder der Umsiedlung innerhalb von Wathlingen<\/li><li>unterst\u00fctzt eine \u201eWohlf\u00fchlen-in-Wathlingen\u201c Handelsplattform, auf der \u00f6rtliche Unternehmen ihre Produkte anbieten&nbsp;&nbsp;&nbsp;&nbsp;<\/li><li>plant einen Tag der Gastronomie in Wathlingen. Gemeinsam mit den Gastronominnen und Gastronomen soll ein Wathlinger-Gastro-Tag ins Leben gerufen werden<\/li><li>will einen kulinarischen Gemeinderundgang initiieren<\/li><li>pr\u00fcft ob sog. \u201ePop-Up\u201c Bierg\u00e4rten in Wathlingen oder ein Weinfest am 4 G entstehen k\u00f6nnen<\/li><li>setzt sich daf\u00fcr ein, dass Antr\u00e4ge und Kontakt mit der Verwaltung problemlos digital stattfinden k\u00f6nnen<\/li><li>treibt die Schaffung eines weiteren Gewerbegebiets entlang des Triftwegs in der n\u00e4chsten Ratsperiode voran. An das neue Gewerbegebiet sind hohe Anforderungen an die Nachhaltigkeit und Qualit\u00e4t des Gebietes zu stellen<\/li><li>pr\u00fcft, ob in Wathlingen ein Gr\u00fcnder-Handwerks-Zentrum realisiert werden kann<\/li><li>Setzt sich f\u00fcr einen Wirtschaftsdialog Zukunft ein, an dem Unternehmerinnen und Unternehmer ihr Bild eines erfolgreichen, nachhaltigen Wirtschaftsstandort entwickeln. Hierzu sollen die Wirtschaftsrunden des B\u00fcrgermeisters erhalten bleiben<\/li><\/ul>\n\n\n\n<p class=\"has-medium-font-size\"><strong>Lebenswert durch Sport ein Leben lang<\/strong><\/p>\n\n\n\n<ul class=\"wp-block-list\"><li>steht f\u00fcr bestm\u00f6gliche Unterst\u00fctzung der Sportvereine, wie in der Vergangenheit<\/li><li>will keine Nutzungsgeb\u00fchren f\u00fcr die Sportvereine bei der Nutzung von Sporthallen und Sportpl\u00e4tze<\/li><li>legt Wert auf eine enge Einbindung der Wathlinger Sportvereine bei der Umsetzung des Ganztagsschulunterrichts an unseren Schulen durch die Vernetzungsagentur<\/li><li>setzt sich f\u00fcr den Erhalt aller B\u00e4der in der Samtgemeinde und die Unterst\u00fctzung beim Unterhalt der Geb\u00e4ude und der Technik ein sowie f\u00fcr den Ausbau des B\u00e4derwesens in den Bereich Tourismus und F\u00f6rderung des Lernens ein<\/li><li>legt Wert auf der Fortf\u00fchrung der Sanierungen der Sportst\u00e4tten<\/li><li>setzt sich f\u00fcr die Errichtung von Calisthenics Parks im Freibad und 4 G Park ein<\/li><\/ul>\n\n\n\n<p class=\"has-medium-font-size\"><strong>Lebenswert durch Erholung ein Leben lang<\/strong><\/p>\n\n\n\n<ul class=\"wp-block-list\"><li>setzt sich f\u00fcr die Schaffung von Wander-Rundwegen in Wathlingen ein. So k\u00f6nnen Themen-Rundwege entstehen wie bspw. zur alten und neuen Geschichte, als Ortsumrundung, des Obstbaumlehrpfads oder eines landwirtschaftlichen Lehrpfades<\/li><li>verbessert Wegweiser und Beschilderungen<\/li><li>schafft Picknick-M\u00f6glichkeiten an der Fuhse<\/li><\/ul>\n\n\n\n<p class=\"has-medium-font-size\"><strong>Lebenswert ein Leben lang durch zukunftsf\u00e4hige Feuerwehren in Wathlingen<\/strong><\/p>\n\n\n\n<ul class=\"wp-block-list\"><li>steht f\u00fcr den Erhalt jeder einzelnen Ortsfeuerwehr in der Samtgemeinde Wathlingen<\/li><li>setzt sich f\u00fcr den Erhalt und die Weiterentwicklung der technischen Ausstattung der Wehren auf hohem Niveau ein<\/li><li>handelt nach dem Leitsatz: Nicht alles was technisch m\u00f6glich ist, ist finanziell leistbar. Aber alles was n\u00f6tig ist, darf nicht an der Finanzierung scheitern<\/li><li>setzt sich f\u00fcr die Anschaffung von W\u00e4rmebildkameras f\u00fcr jede Wehr und eine Drohne f\u00fcr Wathlingen ein<\/li><li>Fordert freien Eintritt f\u00fcr aktive, ehrenamtliche Feuerwehrkameradinnen und &nbsp;&nbsp;&nbsp;&nbsp;&nbsp;&nbsp;&nbsp;&nbsp;Feuerwehrkameraden in den Wathlinger B\u00e4dern<\/li><\/ul>\n\n\n\n<p class=\"has-medium-font-size\"><strong>Lebenswert durch Sicherheit und Ordnung ein Leben lang bedeutet f\u00fcr uns<\/strong>:<\/p>\n\n\n\n<ul class=\"wp-block-list\"><li>setzt sich daf\u00fcr ein, dass die Polizeipr\u00e4senz im Gemeindegebiet m\u00f6glichst wieder erh\u00f6ht wird, vor allem die Polizeistation Wathlingen auch in den Abendstunden und am Wochenende besetzt ist<\/li><li>setzt sich f\u00fcr eine Umfrage zur Sicherheit ein<\/li><li>hat Null Toleranz bei Zerst\u00f6rung und Verschmutzung \u00f6ffentlicher Einrichtungen. Vandalismus muss zwingend die Aussch\u00f6pfung aller zivil-, straf- und bu\u00dfgeldrechtlichen M\u00f6glichkeiten zur Folge haben. Dabei sollen auch Belohnungen f\u00fcr sachdienliche Hinweise ausgelobt werden. Die T\u00e4ter sollen den Schaden nach M\u00f6glichkeit eigenh\u00e4ndig wieder beseitigen, um die Motivation f\u00fcr neue Taten zu bremsen. Wiedergutmachung ist Sache der T\u00e4ter und nicht der Steuerzahler<\/li><li>wird 20 neue M\u00fcllk\u00f6rbe (Vogelfra\u00df und Entnahme sichere) anschaffen<\/li><li>will eine Initiative \u201eSauberes Wathlingen \u2013 Mach mit!\u201c initiieren. M\u00fcll geh\u00f6rt in den M\u00fclleimer<\/li><li>wird den Wathlinger Wertstoffhof auch in der Zukunft unterst\u00fctzen<\/li><li>Konsequente Beseitigung von Graffiti an \u00f6ffentlichen Geb\u00e4uden, Einrichtungen und Verkehrs- bzw. Hinweisschilder<\/li><li>erl\u00e4sst keine Baumschutzsatzung f\u00fcr Wathlingen. Derzeit gibt es keine Baumschutzsatzung in unserem Dorf. Das soll so bleiben. Eigent\u00fcmer sollen frei dar\u00fcber entscheiden k\u00f6nnen, ob sie einen Baum auf dem eigenen Grundst\u00fcck f\u00e4llen wollen. Wir wollen sie aber motivieren bei sich oder in der Gemeinde einen Ersatz zu schaffen<\/li><li>regt an, die Menschen an den Ortseing\u00e4ngen mit neuen Stadtschildern und mit einem begr\u00fcnten \u201eOrtseingangsstor\u201c zu begr\u00fc\u00dfen<\/li><li>will durch Stauden und Blumenzwiebeln Wathlingen aufbl\u00fchen lassen<\/li><li>misst der Pflege des Stra\u00dfenbegleitgr\u00fcns eine h\u00f6here Priorit\u00e4t bei<\/li><li>plant, die Gemeinde im Jahr 2022 zur \u201eessbaren Gemeinde\u201c &nbsp;werden zu lassen \u2013 an einzelnen Stellen im Stadtgebiet sollen kleine Gemeinschaftsg\u00e4rten (Gem\u00fcse-Selbst-Ernte-Projekte) entstehen<\/li><li>m\u00f6chte Patenschaften von B\u00fcrgern f\u00fcr \u00f6ffentliche Gr\u00fcnfl\u00e4chen ausbauen<\/li><li>wertet die Kreisel durch eine Bepflanzung auf<\/li><\/ul>\n\n\n\n<p class=\"has-medium-font-size\"><strong>Lebenswert durch ehrenamtliches Engagement<\/strong><\/p>\n\n\n\n<ul class=\"wp-block-list\"><li>initiiert einen \u201e<strong>Wathlinger-Freiwilligen-Tag<\/strong>\u201c. An diesem Tag k\u00f6nnen sich die Einwohnerinnen und Einwohner melden, um freiwillig f\u00fcr einen Tag eine Aufgabe zu \u00fcbernehmen<\/li><li>setzt sich f\u00fcr den Ausbau der Ehrenamtskarte ein<\/li><\/ul>\n\n\n\n<p class=\"has-medium-font-size\"><strong>Kunst, Kultur und Musik<\/strong><\/p>\n\n\n\n<ul class=\"wp-block-list\"><li>ist f\u00fcr die F\u00f6rderung von Projekten f\u00fcr Kunst im \u00f6ffentlichen Raum<\/li><li>setzt sich f\u00fcr die Bemalung von Stromk\u00e4sten, Mauern und M\u00fclleimern auch in Kooperation mit Schulen und Kinderg\u00e4rten ein<\/li><li>unterst\u00fctzt die Arbeit des Heimatvereins bei seiner Archivarbeit<\/li><li>steht f\u00fcr den Erhalt der Volkshochschule Wathlingen als Einrichtung der Erwachsenenbildung<\/li><li>legt Wert auf den Erhalt und eine angemessene Ausstattung der B\u00fcchereien in der Samtgemeinde<\/li><li>will das kommunale Kulturangebot an besonderen Orten fortf\u00fchren, wie zum Beispiel die Auff\u00fchrungen des Schlosstheaters<\/li><\/ul>\n\n\n\n<p class=\"has-medium-font-size\"><strong>Gleichstellung von Frauen und M\u00e4nnern<\/strong><\/p>\n\n\n\n<ul class=\"wp-block-list\"><li>f\u00f6rdert Projekte f\u00fcr Gleichstellung in Wathlinger Einrichtungen<\/li><li>setzt sich f\u00fcr die F\u00f6rderung von Mentorenprogrammen f\u00fcr mehr Frauen in kommunalen R\u00e4ten und Vereinsf\u00fchrungen ein<\/li><li>ist f\u00fcr die Beibehaltung einer Gleichstellungsbeauftragten auch in der Mitgliedsgemeinde im Ehrenamt<\/li><\/ul>\n\n\n\n<p class=\"has-medium-font-size\"><strong>Kommunikation<\/strong><\/p>\n\n\n\n<ul class=\"wp-block-list\"><li>f\u00f6rdert die Mehrsprachigkeit beim B\u00fcrgerservice ebenso wie<\/li><li>die Mehrsprachigkeit relevanter Informationen auf Homepages Wathlinger Institutionen, ohne die Bedeutung der deutschen Sprache f\u00fcr Menschen mit Migrationshintergrund f\u00fcr das Gelingen der Integration zu relativieren<\/li><li>bietet eine barrierefreie Gestaltung der Homepage (WCAG 2.0 und BITV 2.0) der Gemeinde Wathlingen sowie einige relevante Informationen in leichter Sprache an<\/li><li>f\u00f6rdert Kommunikationsangebote auf diversen Kan\u00e4len, um digitale und analoge Anfragen zu bedienen<\/li><\/ul>\n\n\n\n<p class=\"has-medium-font-size\"><strong>Miteinander in Wathlingen durch St\u00e4rken st\u00e4rken<\/strong><\/p>\n\n\n\n<ul class=\"wp-block-list\"><li>f\u00f6rdert Projekte f\u00fcr Vielfalt, Toleranz, Respekt und Weltoffenheit in Wathlingen<\/li><li>gew\u00e4hrt Kirchen, freien Wohlfahrtsverb\u00e4nden und privaten Initiativen Unterst\u00fctzung f\u00fcr ihre Sozialarbeit<\/li><li>organisiert ein Fest der Kulturen, um Barrieren abzubauen und andere Kulturen besser kennenzulernen<\/li><\/ul>\n\n\n\n<p class=\"has-medium-font-size\"><strong>Kommunikation der Gemeinde Wathlingen und B\u00fcrgerbeteiligung<\/strong><\/p>\n\n\n\n<ul class=\"wp-block-list\"><li>baut die Wathlingen-App weiter aus und ein Beschwerdemanagement wird integriert<\/li><li>w\u00fcnscht sich, dass die Gemeinde Wathlingen auch in den g\u00e4ngigen sozialen Medien (Twitter, Facebook und Instagram) kommuniziert<\/li><li>wird auch weiterhin einmal pro Jahr alle Neueinwohnerinnen und \u2013Einwohner in einer eigenen Veranstaltung begr\u00fc\u00dfen<\/li><li>wird daf\u00fcr Sorge tragen, dass an \u00f6ffentlichen Einrichtungen Informationstafeln die B\u00fcrgerinnen und B\u00fcrger \u00fcber Zweck, Umfang und Finanzierung informieren, um zuk\u00fcnftig besser \u00fcber die st\u00e4dtische Infrastruktur und deren Finanzierung zu informieren<\/li><li>nutzt das Instrument der B\u00fcrgerbefragungen bei wichtigen \u00f6rtlichen Entscheidungen und baut Befragungen \u00fcber das Internet als modernes Kommunikationsmittel aus<\/li><li>bindet auch weiterhin die B\u00fcrgerinnen und B\u00fcrger durch Einwohnerversammlungen, z.B. im Vorfeld von Stra\u00dfensanierungen, ein<\/li><li>beabsichtigt Ratssitzungen in Zukunft zu streamen und somit einer noch breiteren \u00d6ffentlichkeit zug\u00e4nglich zu machen, Ausschusssitzungen k\u00f6nnen gestreamt werden, wenn mit einem gro\u00dfen Interesse der \u00d6ffentlichkeit zu rechnen ist<\/li><\/ul>\n\n\n\n<p class=\"has-medium-font-size\"><strong>Die Gemeinde Wathlingen als Verwaltung und attraktiven Arbeitgeber<\/strong><\/p>\n\n\n\n<ul class=\"wp-block-list\"><li>wird die interkommunale Zusammenarbeit ausweiten<\/li><li>legt Wert darauf, dass die Ausstattung der Verwaltung auf einem hohen Niveau erfolgt, um beim Wettbewerb um die besten K\u00f6pfe einen Vorteil zu haben<\/li><li>erm\u00f6glicht Teilzeitarbeit und Jobsharing<\/li><li>bevorzugt flexible Arbeitszeitmodelle zur Verbesserung der Vereinbarkeit von Familie und Beruf, Home-Office M\u00f6glichkeiten<\/li><li>steht f\u00fcr die Einf\u00fchrung von \u201eJob-Rad\u201c<\/li><\/ul>\n\n\n\n<p class=\"has-medium-font-size\"><strong>Finanzen sorgsam verwalten<\/strong><\/p>\n\n\n\n<ul class=\"wp-block-list\"><li>sieht die kritische \u00dcberpr\u00fcfung der Ausgabenseite als Daueraufgabe. Neue Aufgaben und Projekte sind nur dann zu bef\u00fcrworten, wenn sie nachhaltig positive Wirkungen entfalten<\/li><li>wird regelm\u00e4\u00dfig \u00fcberpr\u00fcfen, insbesondere bei neuen Aufgaben, ob die Wahrnehmung durch Private nicht wirtschaftlicher ist als die \u00f6ffentliche Aufgabenerledigung<\/li><li>wird Geb\u00e4ude, Stra\u00dfen und Wege regelm\u00e4\u00dfig unterhalten, statt sp\u00e4ter alles komplett sanieren zu m\u00fcssen<\/li><li>wird die interkommunale Zusammenarbeit ausweiten. Hier hei\u00dft es \u201eKr\u00e4fte b\u00fcndeln statt Kirchturmdenken\u201c, um dadurch effizienter zu werden und Kosten zu sparen<\/li><li>will das Grund- und Gewerbesteuerniveau in der Gemeinde Wathlingen, soweit es geht, stabil halten. Ver\u00e4nderungen der Grund- und Gewerbesteuer sind f\u00fcr sie immer nur das letzte Mittel<\/li><li>wird keine Pferdesteuer in unserer Gemeinde erheben. Derzeit gibt es keine Pferdesteuer. Das soll so bleiben!<\/li><\/ul>\n","protected":false},"excerpt":{"rendered":"<p>Die CDU Wathlingen&#8230; ist modern und steht zur Heimat und ihren Traditionen f\u00f6rdert die Eigenverantwortung und den Gemeinsinn steht an der Seite unserer Leistungstr\u00e4ger aus Wirtschaft, Handel, Handwerk und Landwirtschaft, ohne die, die unsere Hilfe brauchen, zu vergessen verbindet Sicherheit und Ordnung mit Toleranz schaut immer aus vier Perspektiven auf ein Thema: aus der sozialen, [&hellip;]<\/p>\n","protected":false},"author":1,"featured_media":0,"parent":0,"menu_order":0,"comment_status":"closed","ping_status":"closed","template":"","meta":{"footnotes":""},"class_list":["post-25","page","type-page","status-publish","hentry"],"_links":{"self":[{"href":"http:\/\/cdu-wathlingen.de\/index.php?rest_route=\/wp\/v2\/pages\/25","targetHints":{"allow":["GET"]}}],"collection":[{"href":"http:\/\/cdu-wathlingen.de\/index.php?rest_route=\/wp\/v2\/pages"}],"about":[{"href":"http:\/\/cdu-wathlingen.de\/index.php?rest_route=\/wp\/v2\/types\/page"}],"author":[{"embeddable":true,"href":"http:\/\/cdu-wathlingen.de\/index.php?rest_route=\/wp\/v2\/users\/1"}],"replies":[{"embeddable":true,"href":"http:\/\/cdu-wathlingen.de\/index.php?rest_route=%2Fwp%2Fv2%2Fcomments&post=25"}],"version-history":[{"count":10,"href":"http:\/\/cdu-wathlingen.de\/index.php?rest_route=\/wp\/v2\/pages\/25\/revisions"}],"predecessor-version":[{"id":170,"href":"http:\/\/cdu-wathlingen.de\/index.php?rest_route=\/wp\/v2\/pages\/25\/revisions\/170"}],"wp:attachment":[{"href":"http:\/\/cdu-wathlingen.de\/index.php?rest_route=%2Fwp%2Fv2%2Fmedia&parent=25"}],"curies":[{"name":"wp","href":"https:\/\/api.w.org\/{rel}","templated":true}]}}